{"id":544,"date":"2024-09-03T12:25:54","date_gmt":"2024-09-03T10:25:54","guid":{"rendered":"https:\/\/www.casaolga.it\/inicio\/"},"modified":"2025-09-19T14:52:23","modified_gmt":"2025-09-19T12:52:23","slug":"inicio","status":"publish","type":"page","link":"https:\/\/www.casaolga.it\/es\/","title":{"rendered":"Inicio"},"content":{"rendered":"<p>[et_pb_section fb_built=\u00bb1&#8243; admin_label=\u00bbHeader\u00bb _builder_version=\u00bb4.26.0&#8243; _module_preset=\u00bb775ed0d6-6f15-4944-b1d8-f0d5c925fddd\u00bb custom_padding=\u00bb0px||0px||true|false\u00bb collapsed=\u00bbon\u00bb global_colors_info=\u00bb{}\u00bb][et_pb_row column_structure=\u00bb1_2,1_2&#8243; make_equal=\u00bbon\u00bb _builder_version=\u00bb4.26.0&#8243; _module_preset=\u00bbdefault\u00bb width=\u00bb100%\u00bb max_width=\u00bbnone\u00bb custom_padding=\u00bb0px||0px||true|false\u00bb global_colors_info=\u00bb{}\u00bb][et_pb_column type=\u00bb1_2&#8243; _builder_version=\u00bb4.26.0&#8243; _module_preset=\u00bbdefault\u00bb background_enable_image=\u00bboff\u00bb background_position=\u00bbbottom_center\u00bb z_index=\u00bb10&#8243; custom_padding=\u00bb5%|6%|5%|11%|true|false\u00bb custom_padding_tablet=\u00bb|10%||10%|true|true\u00bb custom_padding_phone=\u00bb||||true|true\u00bb custom_padding_last_edited=\u00bbon|phone\u00bb global_colors_info=\u00bb{}\u00bb][et_pb_divider show_divider=\u00bboff\u00bb _builder_version=\u00bb4.25.2&#8243; _module_preset=\u00bb61955c46-9091-4d23-a358-100d34f4bc3e\u00bb width=\u00bb30px\u00bb height=\u00bb30px\u00bb custom_margin=\u00bb||30px||false|false\u00bb global_colors_info=\u00bb{}\u00bb][\/et_pb_divider][et_pb_heading title=\u00bbCasa en alquiler en val Bormida (Savona)\u00bb _builder_version=\u00bb4.26.0&#8243; _module_preset=\u00bb1c1cb478-56f4-4cea-85b6-ee1b89a0f2a2&#8243; title_text_align=\u00bbcenter\u00bb title_text_color=\u00bbgcid-primary-color\u00bb global_colors_info=\u00bb{%22gcid-primary-color%22:%91%22title_text_color%22%93}\u00bb][\/et_pb_heading][et_pb_heading title=\u00bbHuye del calor, \u00a1Bardineto te espera!\u00bb _builder_version=\u00bb4.26.0&#8243; _module_preset=\u00bb34f9c54c-d204-4afb-b143-79971d1bbf5d\u00bb title_text_align=\u00bbcenter\u00bb title_font_size=\u00bb63px\u00bb custom_margin=\u00bb||10px||false|false\u00bb title_font_size_tablet=\u00bb5vw\u00bb title_font_size_phone=\u00bb5vw\u00bb title_font_size_last_edited=\u00bboff|desktop\u00bb global_colors_info=\u00bb{}\u00bb][\/et_pb_heading][et_pb_text _builder_version=\u00bb4.24.2&#8243; _module_preset=\u00bbc0471caa-77e8-49b0-ad23-a58ea9e9551d\u00bb text_orientation=\u00bbcenter\u00bb custom_margin=\u00bb||30px||false|false\u00bb global_colors_info=\u00bb{}\u00bb]<\/p>\n<p><span>En los a\u00f1os 70, mi abuelo Rolando, amante de <strong>las setas, el ciclismo, la caza y los largos paseos por la naturaleza<\/strong>, decidi\u00f3 comprar esta casita en <strong>Bardineto<\/strong> <strong>con mi abuela Olga<\/strong> para disfrutar de sus vacaciones.<\/span><\/p>\n<p><span>Ha sido la casa de nuestra familia durante generaciones, y hoy, cuando no podemos utilizarla, hemos decidido alquilarla y compartirla con <strong>quienes quieren bajar el ritmo<\/strong>, <strong>alejarse del calor de la ciudad o de la Riviera<\/strong>, y disfrutar de <strong>las ventajas del campo<\/strong>.<\/span><\/p>\n<p><span><strong>No es una casa de vacaciones en el sentido tradicional, sino una casa familiar que abrimos cuando no la utilizamos.<\/strong> <\/span><\/p>\n<p><span><em>Ponte en contacto con nosotros para comprobar la disponibilidad.<\/em><\/span><\/p>\n<p>[\/et_pb_text][\/et_pb_column][et_pb_column type=\u00bb1_2&#8243; _builder_version=\u00bb4.26.0&#8243; _module_preset=\u00bbdefault\u00bb background_image=\u00bbhttps:\/\/www.casaolga.it\/wp-content\/uploads\/2024\/09\/Bardineto-Casa-Olga_23.jpeg\u00bb parallax=\u00bbon\u00bb global_colors_info=\u00bb{}\u00bb][\/et_pb_column][\/et_pb_row][\/et_pb_section][et_pb_section fb_built=\u00bb1&#8243; admin_label=\u00bbServices\u00bb _builder_version=\u00bb4.25.2&#8243; _module_preset=\u00bb74191ddd-e163-4d67-8da3-8596853a0461&#8243; collapsed=\u00bbon\u00bb global_colors_info=\u00bb{%22gcid-primary-color%22:%91%22background_color%22%93}\u00bb][et_pb_row column_structure=\u00bb1_4,1_4,1_4,1_4&#8243; _builder_version=\u00bb4.26.0&#8243; _module_preset=\u00bbdefault\u00bb max_width=\u00bbnone\u00bb global_colors_info=\u00bb{}\u00bb][et_pb_column type=\u00bb1_4&#8243; _builder_version=\u00bb4.23.2&#8243; _module_preset=\u00bbdefault\u00bb global_colors_info=\u00bb{}\u00bb][et_pb_blurb title=\u00bb5 camas\u00bb image=\u00bbhttps:\/\/www.casaolga.it\/wp-content\/uploads\/2024\/09\/Bardineto-Casa-Olga_11.jpeg\u00bb _builder_version=\u00bb4.26.0&#8243; _module_preset=\u00bbcc0e2b3e-6a0e-4c3e-bf17-73016582c88c\u00bb global_colors_info=\u00bb{}\u00bb]<\/p>\n<p><span>La casa puede alojar hasta <\/span><strong>5 personas<\/strong><span>con un dormitorio doble, un <\/span><strong>un sof\u00e1 cama doble<\/strong><span> y una <\/span><strong>cama individual<\/strong><span>en el sal\u00f3n. Espacios acogedores para familias o grupos peque\u00f1os. <\/span><\/p>\n<p>[\/et_pb_blurb][\/et_pb_column][et_pb_column type=\u00bb1_4&#8243; _builder_version=\u00bb4.23.2&#8243; _module_preset=\u00bbdefault\u00bb global_colors_info=\u00bb{}\u00bb][et_pb_blurb title=\u00bbPISCINA COMUNITARIA\u00bb image=\u00bbhttps:\/\/www.casaolga.it\/wp-content\/uploads\/2024\/09\/Bardineto-Casa-Olga_21.jpeg\u00bb _builder_version=\u00bb4.26.0&#8243; _module_preset=\u00bbcc0e2b3e-6a0e-4c3e-bf17-73016582c88c\u00bb locked=\u00bboff\u00bb global_colors_info=\u00bb{}\u00bb]<\/p>\n<p><span>Disfruta del acceso a la <\/span><strong>piscina comunitaria<\/strong><span>rodeado de vegetaci\u00f3n. Perfecto para relajarse y refrescarse en los calurosos d\u00edas de verano, garantizando una estancia rejuvenecedora. <\/span><\/p>\n<p>[\/et_pb_blurb][\/et_pb_column][et_pb_column type=\u00bb1_4&#8243; _builder_version=\u00bb4.23.2&#8243; _module_preset=\u00bbdefault\u00bb global_colors_info=\u00bb{}\u00bb][et_pb_blurb title=\u00bbEspacios dom\u00e9sticos\u00bb image=\u00bbhttps:\/\/www.casaolga.it\/wp-content\/uploads\/2024\/09\/Bardineto-Casa-Olga_10.jpeg\u00bb _builder_version=\u00bb4.26.0&#8243; _module_preset=\u00bbcc0e2b3e-6a0e-4c3e-bf17-73016582c88c\u00bb locked=\u00bboff\u00bb global_colors_info=\u00bb{}\u00bb]<\/p>\n<p><span>Cocina con fogones de gas, cuarto de ba\u00f1o esencial y dos balcones, uno para pasar el rato y otro ideal para tomar un caf\u00e9 al aire libre. Colores frescos que recuerdan el verdor del entorno. <\/span><\/p>\n<p>[\/et_pb_blurb][\/et_pb_column][et_pb_column type=\u00bb1_4&#8243; _builder_version=\u00bb4.23.2&#8243; _module_preset=\u00bbdefault\u00bb global_colors_info=\u00bb{}\u00bb][et_pb_blurb title=\u00bbEL TERRITORIO  \u00bb image=\u00bbhttps:\/\/www.casaolga.it\/wp-content\/uploads\/2024\/09\/Bardineto-Casa-Olga_16.jpeg\u00bb _builder_version=\u00bb4.26.0&#8243; _module_preset=\u00bbcc0e2b3e-6a0e-4c3e-bf17-73016582c88c\u00bb locked=\u00bboff\u00bb global_colors_info=\u00bb{}\u00bb]<\/p>\n<p><span>Bardineto ofrece un clima fresco por la noche y agradable durante el d\u00eda. Partiendo de casa, encontrar\u00e1s varios senderos, como el   <\/span><strong>Sendero del Balc\u00f3n de Balzi Rossi<\/strong><span> y senderos perfectos para hacer senderismo o <\/span><strong>bicicleta de monta\u00f1a<\/strong><span>.<\/span><\/p>\n<p>[\/et_pb_blurb][\/et_pb_column][\/et_pb_row][\/et_pb_section][et_pb_section fb_built=\u00bb1&#8243; admin_label=\u00bbVideo\u00bb _builder_version=\u00bb4.24.2&#8243; _module_preset=\u00bbdefault\u00bb custom_padding=\u00bb83px|||||\u00bb collapsed=\u00bbon\u00bb global_colors_info=\u00bb{}\u00bb][et_pb_row _builder_version=\u00bb4.25.2&#8243; _module_preset=\u00bbdefault\u00bb max_width=\u00bb800px\u00bb global_colors_info=\u00bb{}\u00bb][et_pb_column type=\u00bb4_4&#8243; _builder_version=\u00bb4.23.2&#8243; _module_preset=\u00bbdefault\u00bb global_colors_info=\u00bb{}\u00bb][et_pb_heading title=\u00bbRESIDENCIA EN EL CASTILLO\u00bb _builder_version=\u00bb4.26.0&#8243; _module_preset=\u00bbbc9c767b-0d02-47ce-829c-519b751be4b4&#8243; title_text_align=\u00bbcenter\u00bb custom_margin=\u00bb||10px||false|false\u00bb global_colors_info=\u00bb{}\u00bb][\/et_pb_heading][et_pb_heading title=\u00bbLa casa conserva el encanto de los a\u00f1os 70, con todas las comodidades esenciales. Es un piso de la sencilla Residencia %22Al Castello%22, rodeado de naturaleza, perfecto para los que buscan tranquilidad. A s\u00f3lo 3 minutos a pie del centro del pueblo y del %22Bar De Nei%22  \u00bb _builder_version=\u00bb4.25.2&#8243; _module_preset=\u00bbfb351b62-1359-442f-b174-018dddf3168c\u00bb title_text_align=\u00bbcenter\u00bb custom_margin=\u00bb||5px||false|false\u00bb global_colors_info=\u00bb{}\u00bb][\/et_pb_heading][\/et_pb_column][\/et_pb_row][\/et_pb_section][et_pb_section fb_built=\u00bb1&#8243; admin_label=\u00bbFeature\u00bb _builder_version=\u00bb4.25.2&#8243; _module_preset=\u00bbdefault\u00bb background_size=\u00bbinitial\u00bb collapsed=\u00bbon\u00bb global_colors_info=\u00bb{}\u00bb][et_pb_row column_structure=\u00bb1_2,1_2&#8243; make_equal=\u00bbon\u00bb _builder_version=\u00bb4.26.0&#8243; _module_preset=\u00bbdefault\u00bb background_color=\u00bbgcid-primary-color\u00bb width=\u00bb100%\u00bb custom_padding=\u00bb0px||0px||true|false\u00bb global_colors_info=\u00bb{%22gcid-primary-color%22:%91%22background_color%22%93}\u00bb][et_pb_column type=\u00bb1_2&#8243; _builder_version=\u00bb4.26.0&#8243; _module_preset=\u00bbbe33e09a-19c0-4b39-8e4b-dff0ea9ac2d7&#8243; background_image=\u00bbhttps:\/\/www.casaolga.it\/wp-content\/uploads\/2024\/09\/Bardineto-Casa-Olga_13.jpeg\u00bb border_width_all_tablet=\u00bb8vw\u00bb border_width_all_phone=\u00bb8vw\u00bb border_width_all_last_edited=\u00bbon|desktop\u00bb box_shadow_spread_tablet=\u00bb30px\u00bb box_shadow_spread_phone=\u00bb20px\u00bb box_shadow_spread_last_edited=\u00bboff|desktop\u00bb global_colors_info=\u00bb{%22gcid-4b9eed5c-3d04-4887-bc15-8a2e9c2e3ea1%22:%91%22box_shadow_color%22%93,%22gcid-secondary-color%22:%91%22background_color%22%93}\u00bb][et_pb_divider show_divider=\u00bboff\u00bb _builder_version=\u00bb4.27.0&#8243; _module_preset=\u00bb_initial\u00bb height_tablet=\u00bb30vw\u00bb height_phone=\u00bb30vw\u00bb height_last_edited=\u00bbon|desktop\u00bb custom_padding=\u00bb400px||400px||false|false\u00bb locked=\u00bboff\u00bb global_colors_info=\u00bb{}\u00bb][\/et_pb_divider][\/et_pb_column][et_pb_column type=\u00bb1_2&#8243; _builder_version=\u00bb4.26.0&#8243; _module_preset=\u00bb84a1e6b3-b5df-4aaf-b3a2-904dfc36ed4b\u00bb custom_padding=\u00bb100px|30px|100px|30px|true|true\u00bb custom_padding_tablet=\u00bb10vw|10vw|10vw|10vw|true|true\u00bb custom_padding_phone=\u00bb||||false|false\u00bb global_colors_info=\u00bb{%22gcid-primary-color%22:%91%22background_color%22%93}\u00bb][et_pb_divider show_divider=\u00bboff\u00bb _builder_version=\u00bb4.25.2&#8243; _module_preset=\u00bb838755fc-2014-45c1-9262-7e5f01c14fb4&#8243; positioning=\u00bbabsolute\u00bb width=\u00bb230px\u00bb width_tablet=\u00bb30%\u00bb width_phone=\u00bb30%\u00bb width_last_edited=\u00bbon|tablet\u00bb height=\u00bb230px\u00bb height_tablet=\u00bb40%\u00bb height_phone=\u00bbauto\u00bb height_last_edited=\u00bbon|phone\u00bb custom_margin=\u00bb85px||||false|false\u00bb custom_margin_tablet=\u00bb5vw|||5vw|false|false\u00bb custom_margin_phone=\u00bb||||false|false\u00bb custom_margin_last_edited=\u00bbon|desktop\u00bb global_colors_info=\u00bb{}\u00bb][\/et_pb_divider][et_pb_heading title=\u00bbEl piso tiene:\u00bb _builder_version=\u00bb4.26.0&#8243; _module_preset=\u00bb34f9c54c-d204-4afb-b143-79971d1bbf5d\u00bb title_level=\u00bbh2&#8243; title_text_color=\u00bb#FFFFFF\u00bb title_font_size=\u00bb32px\u00bb custom_margin=\u00bb||10px||false|false\u00bb locked=\u00bboff\u00bb global_colors_info=\u00bb{}\u00bb][\/et_pb_heading][et_pb_text ul_type=\u00bbnone\u00bb _builder_version=\u00bb4.26.0&#8243; _module_preset=\u00bbd182aa40-d45e-4511-a10a-20d421f09935&#8243; ul_font_size=\u00bb18px\u00bb global_colors_info=\u00bb{}\u00bb]<\/p>\n<ul>\n<li>\n<p>\ud83d\udc87\u200d\u2640\ufe0f Secador de pelo \ud83e\uddfa Toallas y s\u00e1banas dobles e individuales \ud83c\udfd6\ufe0f Toallas de playa para la piscina \ud83c\udf75 Hervidor de agua \ud83c\udf73 Cocina y horno de gas \ud83d\udc55 Tendedero \ud83d\udcfa TV<\/p>\n<p>TV \ud83c\udd7f\ufe0f Aparcamiento en la calle siempre disponible \ud83c\udf33 Zonas verdes comunes \ud83c\udfca\u200d\u2640\ufe0f Piscina com\u00fan \ud83c\udfb3 Pista de petanca \ud83d\udcd8 Gu\u00eda de los servicios de la casa en ingl\u00e9s<\/p>\n<p>franc\u00e9s, espa\u00f1ol, neerland\u00e9s y alem\u00e1n \ud83d\udc76 Se admiten ni\u00f1os \ud83d\udc15 Se admiten perros \ud83e\uddc2 Accesorios de cocina (platos, vasos, cubiertos, ollas, sartenes) \ud83e\uddf4 Plancha<\/li>\n<\/ul>\n<p>[\/et_pb_text][\/et_pb_column][\/et_pb_row][\/et_pb_section][et_pb_section fb_built=\u00bb1&#8243; admin_label=\u00bbServices\u00bb _builder_version=\u00bb4.25.2&#8243; _module_preset=\u00bbdefault\u00bb background_size=\u00bbcustom\u00bb background_image_width=\u00bb10%\u00bb background_position=\u00bbbottom_left\u00bb collapsed=\u00bbon\u00bb global_colors_info=\u00bb{}\u00bb][et_pb_row _builder_version=\u00bb4.23.2&#8243; _module_preset=\u00bbdefault\u00bb global_colors_info=\u00bb{}\u00bb][et_pb_column type=\u00bb4_4&#8243; _builder_version=\u00bb4.23.2&#8243; _module_preset=\u00bbdefault\u00bb global_colors_info=\u00bb{}\u00bb][et_pb_heading title=\u00bbInformaci\u00f3n importante\u00bb _builder_version=\u00bb4.25.2&#8243; _module_preset=\u00bb97f83af3-4535-4e51-b40f-dc9ea61d6286&#8243; title_text_align=\u00bbcenter\u00bb locked=\u00bboff\u00bb global_colors_info=\u00bb{}\u00bb][\/et_pb_heading][\/et_pb_column][\/et_pb_row][et_pb_row column_structure=\u00bb1_5,1_5,1_5,1_5,1_5&#8243; use_custom_gutter=\u00bbon\u00bb gutter_width=\u00bb2&#8243; make_equal=\u00bbon\u00bb _builder_version=\u00bb4.26.0&#8243; _module_preset=\u00bbdefault\u00bb width=\u00bb90%\u00bb max_width=\u00bb1111px\u00bb global_colors_info=\u00bb{}\u00bb][et_pb_column type=\u00bb1_5&#8243; _builder_version=\u00bb4.23.2&#8243; _module_preset=\u00bbdefault\u00bb global_colors_info=\u00bb{}\u00bb][et_pb_icon font_icon=\u00bb&#xf2c7;||fa||900&#8243; align=\u00bbleft\u00bb _builder_version=\u00bb4.26.0&#8243; _module_preset=\u00bbdefault\u00bb global_colors_info=\u00bb{}\u00bb][\/et_pb_icon][et_pb_heading title=\u00bbCalefacci\u00f3n\u00bb _builder_version=\u00bb4.24.2&#8243; _module_preset=\u00bbb8e8c1c8-6017-41df-9aad-4870df7abd3c\u00bb custom_margin=\u00bb||0px||false|false\u00bb locked=\u00bboff\u00bb global_colors_info=\u00bb{}\u00bb][\/et_pb_heading][et_pb_text _builder_version=\u00bb4.24.2&#8243; _module_preset=\u00bbc0471caa-77e8-49b0-ad23-a58ea9e9551d\u00bb global_colors_info=\u00bb{}\u00bb]<\/p>\n<p><span>La casa est\u00e1 disponible de <\/span><strong>junio a octubre<\/strong><span>ya que no tiene sistema de calefacci\u00f3n central. S\u00f3lo hay un calefactor el\u00e9ctrico, ideal para las noches frescas de verano, pero en los meses de invierno la casa est\u00e1 cerrada. <\/span><\/p>\n<p>[\/et_pb_text][\/et_pb_column][et_pb_column type=\u00bb1_5&#8243; _builder_version=\u00bb4.23.2&#8243; _module_preset=\u00bbdefault\u00bb global_colors_info=\u00bb{}\u00bb][et_pb_icon font_icon=\u00bb&#xf46a;||fa||900&#8243; align=\u00bbleft\u00bb _builder_version=\u00bb4.26.0&#8243; _module_preset=\u00bbdefault\u00bb global_colors_info=\u00bb{}\u00bb][\/et_pb_icon][et_pb_heading title=\u00bbAgua caliente\u00bb _builder_version=\u00bb4.26.0&#8243; _module_preset=\u00bbb8e8c1c8-6017-41df-9aad-4870df7abd3c\u00bb custom_margin=\u00bb||0px||false|false\u00bb locked=\u00bboff\u00bb global_colors_info=\u00bb{}\u00bb][\/et_pb_heading][et_pb_text _builder_version=\u00bb4.24.2&#8243; _module_preset=\u00bbc0471caa-77e8-49b0-ad23-a58ea9e9551d\u00bb global_colors_info=\u00bb{}\u00bb]<\/p>\n<p>La peque\u00f1a caldera el\u00e9ctrica permite una ducha cada vez. Para evitar quedarte sin agua caliente, te recomendamos <strong>ducharte por turnos<\/strong>. <\/p>\n<p>[\/et_pb_text][\/et_pb_column][et_pb_column type=\u00bb1_5&#8243; _builder_version=\u00bb4.23.2&#8243; _module_preset=\u00bbdefault\u00bb global_colors_info=\u00bb{}\u00bb][et_pb_icon font_icon=\u00bb&#xf6d3;||fa||900&#8243; align=\u00bbleft\u00bb _builder_version=\u00bb4.26.0&#8243; _module_preset=\u00bbdefault\u00bb global_colors_info=\u00bb{}\u00bb][\/et_pb_icon][et_pb_heading title=\u00bbPerros y gatos\u00bb _builder_version=\u00bb4.26.0&#8243; _module_preset=\u00bbb8e8c1c8-6017-41df-9aad-4870df7abd3c\u00bb custom_margin=\u00bb||0px||false|false\u00bb locked=\u00bboff\u00bb global_colors_info=\u00bb{}\u00bb][\/et_pb_heading][et_pb_text _builder_version=\u00bb4.24.2&#8243; _module_preset=\u00bbc0471caa-77e8-49b0-ad23-a58ea9e9551d\u00bb global_colors_info=\u00bb{}\u00bb]<\/p>\n<p><strong>Perros y gatos son bienvenidos<\/strong> en nuestra casa. S\u00f3lo tienes que respetar las zonas comunes y disfrutar de tus vacaciones con tu amigo de cuatro patas. <\/p>\n<p>[\/et_pb_text][\/et_pb_column][et_pb_column type=\u00bb1_5&#8243; _builder_version=\u00bb4.26.0&#8243; _module_preset=\u00bbdefault\u00bb global_colors_info=\u00bb{}\u00bb][et_pb_icon font_icon=\u00bb&#xf540;||fa||900&#8243; align=\u00bbleft\u00bb _builder_version=\u00bb4.26.0&#8243; _module_preset=\u00bbdefault\u00bb global_colors_info=\u00bb{}\u00bb][\/et_pb_icon][et_pb_heading title=\u00bbAparcamiento\u00bb _builder_version=\u00bb4.26.0&#8243; _module_preset=\u00bbb8e8c1c8-6017-41df-9aad-4870df7abd3c\u00bb custom_margin=\u00bb||0px||false|false\u00bb locked=\u00bboff\u00bb global_colors_info=\u00bb{}\u00bb][\/et_pb_heading][et_pb_text _builder_version=\u00bb4.24.2&#8243; _module_preset=\u00bbc0471caa-77e8-49b0-ad23-a58ea9e9551d\u00bb global_colors_info=\u00bb{}\u00bb]<\/p>\n<p><span>Hay <\/span><strong>aparcamiento en la calle<\/strong><span>  disponible justo al lado de la casa. Nunca es dif\u00edcil encontrar un sitio. <\/span><\/p>\n<p>[\/et_pb_text][\/et_pb_column][et_pb_column type=\u00bb1_5&#8243; _builder_version=\u00bb4.23.2&#8243; _module_preset=\u00bbdefault\u00bb global_colors_info=\u00bb{}\u00bb][et_pb_icon font_icon=\u00bb&#xf696;||fa||900&#8243; align=\u00bbleft\u00bb _builder_version=\u00bb4.26.0&#8243; _module_preset=\u00bbdefault\u00bb global_colors_info=\u00bb{}\u00bb][\/et_pb_icon][et_pb_heading title=\u00bbHacer la colada\u00bb _builder_version=\u00bb4.26.0&#8243; _module_preset=\u00bbb8e8c1c8-6017-41df-9aad-4870df7abd3c\u00bb custom_margin=\u00bb||0px||false|false\u00bb locked=\u00bboff\u00bb global_colors_info=\u00bb{}\u00bb][\/et_pb_heading][et_pb_text _builder_version=\u00bb4.24.2&#8243; _module_preset=\u00bbc0471caa-77e8-49b0-ad23-a58ea9e9551d\u00bb global_colors_info=\u00bb{}\u00bb]<\/p>\n<p>Actualmente, la casa <strong>no est\u00e1 equipada con lavadora<\/strong>, pero puedes utilizar la lavander\u00eda de <strong>Borghetto Santo Spirito<\/strong>, que ofrece lavadoras y secadoras que funcionan y son c\u00f3modas.  <\/p>\n<p>[\/et_pb_text][\/et_pb_column][\/et_pb_row][\/et_pb_section][et_pb_section fb_built=\u00bb1&#8243; _builder_version=\u00bb4.26.0&#8243; _module_preset=\u00bbdefault\u00bb global_colors_info=\u00bb{}\u00bb][et_pb_row _builder_version=\u00bb4.26.0&#8243; _module_preset=\u00bbdefault\u00bb global_colors_info=\u00bb{}\u00bb][et_pb_column type=\u00bb4_4&#8243; _builder_version=\u00bb4.26.0&#8243; _module_preset=\u00bbdefault\u00bb global_colors_info=\u00bb{}\u00bb][et_pb_gallery gallery_ids=\u00bb414,339,369,364,354,349,344,384,389,329&#8243; gallery_orderby=\u00bbrand\u00bb posts_number=\u00bb200&#8243; orientation=\u00bbportrait\u00bb show_title_and_caption=\u00bboff\u00bb show_pagination=\u00bboff\u00bb _builder_version=\u00bb4.26.0&#8243; _module_preset=\u00bbdefault\u00bb global_colors_info=\u00bb{}\u00bb][\/et_pb_gallery][\/et_pb_column][\/et_pb_row][\/et_pb_section][et_pb_section fb_built=\u00bb1&#8243; custom_padding_last_edited=\u00bbon|phone\u00bb _builder_version=\u00bb4.26.0&#8243; _module_preset=\u00bbdefault\u00bb background_color=\u00bbgcid-primary-color\u00bb custom_padding_tablet=\u00bb\u00bb custom_padding_phone=\u00bb|16px||16px|false|true\u00bb global_colors_info=\u00bb{%22gcid-primary-color%22:%91%22background_color%22%93}\u00bb][et_pb_row column_structure=\u00bb1_2,1_2&#8243; _builder_version=\u00bb4.26.0&#8243; _module_preset=\u00bbdefault\u00bb global_colors_info=\u00bb{}\u00bb][et_pb_column type=\u00bb1_2&#8243; _builder_version=\u00bb4.26.0&#8243; _module_preset=\u00bbdefault\u00bb global_colors_info=\u00bb{}\u00bb][et_pb_code _builder_version=\u00bb4.26.0&#8243; _module_preset=\u00bbdefault\u00bb global_colors_info=\u00bb{}\u00bb]<iframe src=\"https:\/\/www.google.com\/maps\/embed?pb=!4v1725545691832!6m8!1m7!1sGj8SnwIRFnviez7RxDTz4g!2m2!1d44.19383541188253!2d8.133223559757619!3f250.81311977039803!4f-1.2396878256553663!5f0.7820865974627469\" width=\"600\" height=\"450\" style=\"border:0;\" allowfullscreen=\"\" loading=\"lazy\" referrerpolicy=\"no-referrer-when-downgrade\"><\/iframe>[\/et_pb_code][\/et_pb_column][et_pb_column type=\u00bb1_2&#8243; _builder_version=\u00bb4.26.0&#8243; _module_preset=\u00bbdefault\u00bb global_colors_info=\u00bb{}\u00bb][et_pb_code _builder_version=\u00bb4.26.0&#8243; _module_preset=\u00bbdefault\u00bb global_colors_info=\u00bb{}\u00bb]<iframe src=\"https:\/\/www.google.com\/maps\/embed?pb=!1m18!1m12!1m3!1d637.8726338777589!2d8.132467176815421!3d44.193693101920616!2m3!1f0!2f0!3f0!3m2!1i1024!2i768!4f13.1!3m3!1m2!1s0x12d28db9e028f485%3A0xf5d10f59d6da4ee5!2sLa%20Casa%20di%20Olga%20-%20appartamento%20vacanze%20in%20Val%20Bormida!5e1!3m2!1sit!2sit!4v1725545752182!5m2!1sit!2sit\" width=\"600\" height=\"450\" style=\"border:0;\" allowfullscreen=\"\" loading=\"lazy\" referrerpolicy=\"no-referrer-when-downgrade\"><\/iframe>[\/et_pb_code][\/et_pb_column][\/et_pb_row][\/et_pb_section]<\/p>\n","protected":false},"excerpt":{"rendered":"<p>En los a\u00f1os 70, mi abuelo Rolando, amante de las setas, el ciclismo, la caza y los largos paseos por la naturaleza, decidi\u00f3 comprar esta casita en Bardineto con mi abuela Olga para disfrutar de sus vacaciones. Ha sido la casa de nuestra familia durante generaciones, y hoy, cuando no podemos utilizarla, hemos decidido alquilarla [&hellip;]<\/p>\n","protected":false},"author":1,"featured_media":0,"parent":0,"menu_order":0,"comment_status":"closed","ping_status":"closed","template":"","meta":{"_et_pb_use_builder":"on","_et_pb_old_content":"","_et_gb_content_width":"","footnotes":""},"class_list":["post-544","page","type-page","status-publish","hentry"],"_links":{"self":[{"href":"https:\/\/www.casaolga.it\/es\/wp-json\/wp\/v2\/pages\/544","targetHints":{"allow":["GET"]}}],"collection":[{"href":"https:\/\/www.casaolga.it\/es\/wp-json\/wp\/v2\/pages"}],"about":[{"href":"https:\/\/www.casaolga.it\/es\/wp-json\/wp\/v2\/types\/page"}],"author":[{"embeddable":true,"href":"https:\/\/www.casaolga.it\/es\/wp-json\/wp\/v2\/users\/1"}],"replies":[{"embeddable":true,"href":"https:\/\/www.casaolga.it\/es\/wp-json\/wp\/v2\/comments?post=544"}],"version-history":[{"count":26,"href":"https:\/\/www.casaolga.it\/es\/wp-json\/wp\/v2\/pages\/544\/revisions"}],"predecessor-version":[{"id":794,"href":"https:\/\/www.casaolga.it\/es\/wp-json\/wp\/v2\/pages\/544\/revisions\/794"}],"wp:attachment":[{"href":"https:\/\/www.casaolga.it\/es\/wp-json\/wp\/v2\/media?parent=544"}],"curies":[{"name":"wp","href":"https:\/\/api.w.org\/{rel}","templated":true}]}}