{"id":547,"date":"2024-09-03T12:25:54","date_gmt":"2024-09-03T10:25:54","guid":{"rendered":"https:\/\/www.casaolga.it\/accueil\/"},"modified":"2025-09-19T14:52:23","modified_gmt":"2025-09-19T12:52:23","slug":"accueil","status":"publish","type":"page","link":"https:\/\/www.casaolga.it\/fr\/","title":{"rendered":"Accueil"},"content":{"rendered":"<p>[et_pb_section fb_built=\u00a0\u00bb1&Prime; admin_label=\u00a0\u00bbHeader\u00a0\u00bb _builder_version=\u00a0\u00bb4.26.0&Prime; _module_preset=\u00a0\u00bb775ed0d6-6f15-4944-b1d8-f0d5c925fddd\u00a0\u00bb custom_padding=\u00a0\u00bb0px||0px||true|false\u00a0\u00bb collapsed=\u00a0\u00bbon\u00a0\u00bb global_colors_info=\u00a0\u00bb{}\u00a0\u00bb][et_pb_row column_structure=\u00a0\u00bb1_2,1_2&Prime; make_equal=\u00a0\u00bbon\u00a0\u00bb _builder_version=\u00a0\u00bb4.26.0&Prime; _module_preset=\u00a0\u00bbdefault\u00a0\u00bb width=\u00a0\u00bb100%\u00a0\u00bb max_width=\u00a0\u00bbnone\u00a0\u00bb custom_padding=\u00a0\u00bb0px||0px||true|false\u00a0\u00bb global_colors_info=\u00a0\u00bb{}\u00a0\u00bb][et_pb_column type=\u00a0\u00bb1_2&Prime; _builder_version=\u00a0\u00bb4.26.0&Prime; _module_preset=\u00a0\u00bbdefault\u00a0\u00bb background_enable_image=\u00a0\u00bboff\u00a0\u00bb background_position=\u00a0\u00bbbottom_center\u00a0\u00bb z_index=\u00a0\u00bb10&Prime; custom_padding=\u00a0\u00bb5%|6%|5%|11%|true|false\u00a0\u00bb custom_padding_tablet=\u00a0\u00bb|10%||10%|true|true\u00a0\u00bb custom_padding_phone=\u00a0\u00bb||||true|true\u00a0\u00bb custom_padding_last_edited=\u00a0\u00bbon|phone\u00a0\u00bb global_colors_info=\u00a0\u00bb{}\u00a0\u00bb][et_pb_divider show_divider=\u00a0\u00bboff\u00a0\u00bb _builder_version=\u00a0\u00bb4.25.2&Prime; _module_preset=\u00a0\u00bb61955c46-9091-4d23-a358-100d34f4bc3e\u00a0\u00bb width=\u00a0\u00bb30px\u00a0\u00bb height=\u00a0\u00bb30px\u00a0\u00bb custom_margin=\u00a0\u00bb||30px||false|false\u00a0\u00bb global_colors_info=\u00a0\u00bb{}\u00a0\u00bb][\/et_pb_divider][et_pb_heading title=\u00a0\u00bbMaison \u00e0 louer \u00e0 val Bormida (Savona)\u00a0\u00bb _builder_version=\u00a0\u00bb4.26.0&Prime; _module_preset=\u00a0\u00bb1c1cb478-56f4-4cea-85b6-ee1b89a0f2a2&Prime; title_text_align=\u00a0\u00bbcenter\u00a0\u00bb title_text_color=\u00a0\u00bbgcid-primary-color\u00a0\u00bb global_colors_info=\u00a0\u00bb{%22gcid-primary-color%22:%91%22title_text_color%22%93}\u00a0\u00bb][\/et_pb_heading][et_pb_heading title=\u00a0\u00bbFuyez la chaleur, Bardineto vous attend !\u00a0\u00bb _builder_version=\u00a0\u00bb4.26.0&Prime; _module_preset=\u00a0\u00bb34f9c54c-d204-4afb-b143-79971d1bbf5d\u00a0\u00bb title_text_align=\u00a0\u00bbcenter\u00a0\u00bb title_font_size=\u00a0\u00bb63px\u00a0\u00bb custom_margin=\u00a0\u00bb||10px||false|false\u00a0\u00bb title_font_size_tablet=\u00a0\u00bb5vw\u00a0\u00bb title_font_size_phone=\u00a0\u00bb5vw\u00a0\u00bb title_font_size_last_edited=\u00a0\u00bboff|desktop\u00a0\u00bb global_colors_info=\u00a0\u00bb{}\u00a0\u00bb][\/et_pb_heading][et_pb_text _builder_version=\u00a0\u00bb4.24.2&Prime; _module_preset=\u00a0\u00bbc0471caa-77e8-49b0-ad23-a58ea9e9551d\u00a0\u00bb text_orientation=\u00a0\u00bbcenter\u00a0\u00bb custom_margin=\u00a0\u00bb||30px||false|false\u00a0\u00bb global_colors_info=\u00a0\u00bb{}\u00a0\u00bb]<\/p>\n<p><span>Dans les ann\u00e9es 1970, mon grand-p\u00e8re Rolando, passionn\u00e9 de <strong>champignons, de v\u00e9lo, de chasse et de longues promenades dans la nature<\/strong>, a d\u00e9cid\u00e9 d&rsquo;acheter cette petite maison \u00e0 <strong>Bardineto<\/strong> <strong>avec ma grand-m\u00e8re Olga<\/strong> pour y passer leurs vacances.<\/span><\/p>\n<p><span>C&rsquo;est notre maison familiale depuis des g\u00e9n\u00e9rations et aujourd&rsquo;hui, lorsque nous ne pouvons pas l&rsquo;utiliser, nous avons d\u00e9cid\u00e9 de la louer et de la partager avec <strong>ceux qui veulent ralentir<\/strong>, <strong>s&rsquo;\u00e9loigner de la chaleur de la ville ou de la C\u00f4te d&rsquo;Azur<\/strong> et profiter des <strong>bienfaits de la campagne<\/strong>.<\/span><\/p>\n<p><span><strong>Il ne s&rsquo;agit pas d&rsquo;une maison de vacances au sens traditionnel du terme, mais d&rsquo;une maison familiale que nous ouvrons lorsque nous ne l&rsquo;utilisons pas.<\/strong> <\/span><\/p>\n<p><span><em>Veuillez nous contacter pour v\u00e9rifier la disponibilit\u00e9.<\/em><\/span><\/p>\n<p>[\/et_pb_text][\/et_pb_column][et_pb_column type=\u00a0\u00bb1_2&Prime; _builder_version=\u00a0\u00bb4.26.0&Prime; _module_preset=\u00a0\u00bbdefault\u00a0\u00bb background_image=\u00a0\u00bbhttps:\/\/www.casaolga.it\/wp-content\/uploads\/2024\/09\/Bardineto-Casa-Olga_23.jpeg\u00a0\u00bb parallax=\u00a0\u00bbon\u00a0\u00bb global_colors_info=\u00a0\u00bb{}\u00a0\u00bb][\/et_pb_column][\/et_pb_row][\/et_pb_section][et_pb_section fb_built=\u00a0\u00bb1&Prime; admin_label=\u00a0\u00bbServices\u00a0\u00bb _builder_version=\u00a0\u00bb4.25.2&Prime; _module_preset=\u00a0\u00bb74191ddd-e163-4d67-8da3-8596853a0461&Prime; collapsed=\u00a0\u00bbon\u00a0\u00bb global_colors_info=\u00a0\u00bb{%22gcid-primary-color%22:%91%22background_color%22%93}\u00a0\u00bb][et_pb_row column_structure=\u00a0\u00bb1_4,1_4,1_4,1_4&Prime; _builder_version=\u00a0\u00bb4.26.0&Prime; _module_preset=\u00a0\u00bbdefault\u00a0\u00bb max_width=\u00a0\u00bbnone\u00a0\u00bb global_colors_info=\u00a0\u00bb{}\u00a0\u00bb][et_pb_column type=\u00a0\u00bb1_4&Prime; _builder_version=\u00a0\u00bb4.23.2&Prime; _module_preset=\u00a0\u00bbdefault\u00a0\u00bb global_colors_info=\u00a0\u00bb{}\u00a0\u00bb][et_pb_blurb title=\u00a0\u00bb5 lits\u00a0\u00bb image=\u00a0\u00bbhttps:\/\/www.casaolga.it\/wp-content\/uploads\/2024\/09\/Bardineto-Casa-Olga_11.jpeg\u00a0\u00bb _builder_version=\u00a0\u00bb4.26.0&Prime; _module_preset=\u00a0\u00bbcc0e2b3e-6a0e-4c3e-bf17-73016582c88c\u00a0\u00bb global_colors_info=\u00a0\u00bb{}\u00a0\u00bb]<\/p>\n<p><span>La maison peut accueillir jusqu&rsquo;\u00e0 <\/span><strong>5 personnes<\/strong><span>avec une chambre double, un <\/span><strong>un canap\u00e9-lit double<\/strong><span> et un <\/span><strong>lit simple<\/strong><span>dans le salon. Des espaces confortables pour les familles ou les petits groupes. <\/span><\/p>\n<p>[\/et_pb_blurb][\/et_pb_column][et_pb_column type=\u00a0\u00bb1_4&Prime; _builder_version=\u00a0\u00bb4.23.2&Prime; _module_preset=\u00a0\u00bbdefault\u00a0\u00bb global_colors_info=\u00a0\u00bb{}\u00a0\u00bb][et_pb_blurb title=\u00a0\u00bbPISCINE COMMUNE\u00a0\u00bb image=\u00a0\u00bbhttps:\/\/www.casaolga.it\/wp-content\/uploads\/2024\/09\/Bardineto-Casa-Olga_21.jpeg\u00a0\u00bb _builder_version=\u00a0\u00bb4.26.0&Prime; _module_preset=\u00a0\u00bbcc0e2b3e-6a0e-4c3e-bf17-73016582c88c\u00a0\u00bb locked=\u00a0\u00bboff\u00a0\u00bb global_colors_info=\u00a0\u00bb{}\u00a0\u00bb]<\/p>\n<p><span>Profitez de l&rsquo;acc\u00e8s \u00e0 la <\/span><strong>piscine commune<\/strong><span>entour\u00e9 de verdure. Parfait pour se d\u00e9tendre et se rafra\u00eechir pendant les chaudes journ\u00e9es d&rsquo;\u00e9t\u00e9, il vous garantit un s\u00e9jour revigorant. <\/span><\/p>\n<p>[\/et_pb_blurb][\/et_pb_column][et_pb_column type=\u00a0\u00bb1_4&Prime; _builder_version=\u00a0\u00bb4.23.2&Prime; _module_preset=\u00a0\u00bbdefault\u00a0\u00bb global_colors_info=\u00a0\u00bb{}\u00a0\u00bb][et_pb_blurb title=\u00a0\u00bbEspaces de vie\u00a0\u00bb image=\u00a0\u00bbhttps:\/\/www.casaolga.it\/wp-content\/uploads\/2024\/09\/Bardineto-Casa-Olga_10.jpeg\u00a0\u00bb _builder_version=\u00a0\u00bb4.26.0&Prime; _module_preset=\u00a0\u00bbcc0e2b3e-6a0e-4c3e-bf17-73016582c88c\u00a0\u00bb locked=\u00a0\u00bboff\u00a0\u00bb global_colors_info=\u00a0\u00bb{}\u00a0\u00bb]<\/p>\n<p><span>Kitchenette avec cuisini\u00e8re \u00e0 gaz, salle de bain essentielle et deux balcons, l&rsquo;un pour se d\u00e9tendre et l&rsquo;autre id\u00e9al pour prendre un caf\u00e9 en plein air. Des couleurs fra\u00eeches qui rappellent la verdure environnante. <\/span><\/p>\n<p>[\/et_pb_blurb][\/et_pb_column][et_pb_column type=\u00a0\u00bb1_4&Prime; _builder_version=\u00a0\u00bb4.23.2&Prime; _module_preset=\u00a0\u00bbdefault\u00a0\u00bb global_colors_info=\u00a0\u00bb{}\u00a0\u00bb][et_pb_blurb title=\u00a0\u00bbLE TERRITOIRE  \u00a0\u00bb image=\u00a0\u00bbhttps:\/\/www.casaolga.it\/wp-content\/uploads\/2024\/09\/Bardineto-Casa-Olga_16.jpeg\u00a0\u00bb _builder_version=\u00a0\u00bb4.26.0&Prime; _module_preset=\u00a0\u00bbcc0e2b3e-6a0e-4c3e-bf17-73016582c88c\u00a0\u00bb locked=\u00a0\u00bboff\u00a0\u00bb global_colors_info=\u00a0\u00bb{}\u00a0\u00bb]<\/p>\n<p><span>Bardineto offre un climat frais la nuit et agr\u00e9able le jour. En partant de chez vous, vous trouverez plusieurs sentiers, tels que le   <\/span><strong>Sentier des Balcons Balzi Rossi<\/strong><span> et des itin\u00e9raires parfaits pour la randonn\u00e9e ou le <\/span><strong>v\u00e9lo de montagne<\/strong><span>.<\/span><\/p>\n<p>[\/et_pb_blurb][\/et_pb_column][\/et_pb_row][\/et_pb_section][et_pb_section fb_built=\u00a0\u00bb1&Prime; admin_label=\u00a0\u00bbVideo\u00a0\u00bb _builder_version=\u00a0\u00bb4.24.2&Prime; _module_preset=\u00a0\u00bbdefault\u00a0\u00bb custom_padding=\u00a0\u00bb83px|||||\u00a0\u00bb collapsed=\u00a0\u00bbon\u00a0\u00bb global_colors_info=\u00a0\u00bb{}\u00a0\u00bb][et_pb_row _builder_version=\u00a0\u00bb4.25.2&Prime; _module_preset=\u00a0\u00bbdefault\u00a0\u00bb max_width=\u00a0\u00bb800px\u00a0\u00bb global_colors_info=\u00a0\u00bb{}\u00a0\u00bb][et_pb_column type=\u00a0\u00bb4_4&Prime; _builder_version=\u00a0\u00bb4.23.2&Prime; _module_preset=\u00a0\u00bbdefault\u00a0\u00bb global_colors_info=\u00a0\u00bb{}\u00a0\u00bb][et_pb_heading title=\u00a0\u00bbR\u00c9SIDENCE AU CH\u00c2TEAU\u00a0\u00bb _builder_version=\u00a0\u00bb4.26.0&Prime; _module_preset=\u00a0\u00bbbc9c767b-0d02-47ce-829c-519b751be4b4&Prime; title_text_align=\u00a0\u00bbcenter\u00a0\u00bb custom_margin=\u00a0\u00bb||10px||false|false\u00a0\u00bb global_colors_info=\u00a0\u00bb{}\u00a0\u00bb][\/et_pb_heading][et_pb_heading title=\u00a0\u00bbLa maison conserve le charme des ann\u00e9es 1970, avec tout le confort n\u00e9cessaire. Il s&#039;agit d&#039;un appartement dans la r\u00e9sidence simple %22Al Castello%22, entour\u00e9 par la nature, parfait pour ceux qui recherchent la tranquillit\u00e9. \u00c0 3 minutes \u00e0 pied du centre du village et du %22Bar De Nei%22  \u00a0\u00bb _builder_version=\u00a0\u00bb4.25.2&Prime; _module_preset=\u00a0\u00bbfb351b62-1359-442f-b174-018dddf3168c\u00a0\u00bb title_text_align=\u00a0\u00bbcenter\u00a0\u00bb custom_margin=\u00a0\u00bb||5px||false|false\u00a0\u00bb global_colors_info=\u00a0\u00bb{}\u00a0\u00bb][\/et_pb_heading][\/et_pb_column][\/et_pb_row][\/et_pb_section][et_pb_section fb_built=\u00a0\u00bb1&Prime; admin_label=\u00a0\u00bbFeature\u00a0\u00bb _builder_version=\u00a0\u00bb4.25.2&Prime; _module_preset=\u00a0\u00bbdefault\u00a0\u00bb background_size=\u00a0\u00bbinitial\u00a0\u00bb collapsed=\u00a0\u00bbon\u00a0\u00bb global_colors_info=\u00a0\u00bb{}\u00a0\u00bb][et_pb_row column_structure=\u00a0\u00bb1_2,1_2&Prime; make_equal=\u00a0\u00bbon\u00a0\u00bb _builder_version=\u00a0\u00bb4.26.0&Prime; _module_preset=\u00a0\u00bbdefault\u00a0\u00bb background_color=\u00a0\u00bbgcid-primary-color\u00a0\u00bb width=\u00a0\u00bb100%\u00a0\u00bb custom_padding=\u00a0\u00bb0px||0px||true|false\u00a0\u00bb global_colors_info=\u00a0\u00bb{%22gcid-primary-color%22:%91%22background_color%22%93}\u00a0\u00bb][et_pb_column type=\u00a0\u00bb1_2&Prime; _builder_version=\u00a0\u00bb4.26.0&Prime; _module_preset=\u00a0\u00bbbe33e09a-19c0-4b39-8e4b-dff0ea9ac2d7&Prime; background_image=\u00a0\u00bbhttps:\/\/www.casaolga.it\/wp-content\/uploads\/2024\/09\/Bardineto-Casa-Olga_13.jpeg\u00a0\u00bb border_width_all_tablet=\u00a0\u00bb8vw\u00a0\u00bb border_width_all_phone=\u00a0\u00bb8vw\u00a0\u00bb border_width_all_last_edited=\u00a0\u00bbon|desktop\u00a0\u00bb box_shadow_spread_tablet=\u00a0\u00bb30px\u00a0\u00bb box_shadow_spread_phone=\u00a0\u00bb20px\u00a0\u00bb box_shadow_spread_last_edited=\u00a0\u00bboff|desktop\u00a0\u00bb global_colors_info=\u00a0\u00bb{%22gcid-4b9eed5c-3d04-4887-bc15-8a2e9c2e3ea1%22:%91%22box_shadow_color%22%93,%22gcid-secondary-color%22:%91%22background_color%22%93}\u00a0\u00bb][et_pb_divider show_divider=\u00a0\u00bboff\u00a0\u00bb _builder_version=\u00a0\u00bb4.27.0&Prime; _module_preset=\u00a0\u00bb_initial\u00a0\u00bb height_tablet=\u00a0\u00bb30vw\u00a0\u00bb height_phone=\u00a0\u00bb30vw\u00a0\u00bb height_last_edited=\u00a0\u00bbon|desktop\u00a0\u00bb custom_padding=\u00a0\u00bb400px||400px||false|false\u00a0\u00bb locked=\u00a0\u00bboff\u00a0\u00bb global_colors_info=\u00a0\u00bb{}\u00a0\u00bb][\/et_pb_divider][\/et_pb_column][et_pb_column type=\u00a0\u00bb1_2&Prime; _builder_version=\u00a0\u00bb4.26.0&Prime; _module_preset=\u00a0\u00bb84a1e6b3-b5df-4aaf-b3a2-904dfc36ed4b\u00a0\u00bb custom_padding=\u00a0\u00bb100px|30px|100px|30px|true|true\u00a0\u00bb custom_padding_tablet=\u00a0\u00bb10vw|10vw|10vw|10vw|true|true\u00a0\u00bb custom_padding_phone=\u00a0\u00bb||||false|false\u00a0\u00bb global_colors_info=\u00a0\u00bb{%22gcid-primary-color%22:%91%22background_color%22%93}\u00a0\u00bb][et_pb_divider show_divider=\u00a0\u00bboff\u00a0\u00bb _builder_version=\u00a0\u00bb4.25.2&Prime; _module_preset=\u00a0\u00bb838755fc-2014-45c1-9262-7e5f01c14fb4&Prime; positioning=\u00a0\u00bbabsolute\u00a0\u00bb width=\u00a0\u00bb230px\u00a0\u00bb width_tablet=\u00a0\u00bb30%\u00a0\u00bb width_phone=\u00a0\u00bb30%\u00a0\u00bb width_last_edited=\u00a0\u00bbon|tablet\u00a0\u00bb height=\u00a0\u00bb230px\u00a0\u00bb height_tablet=\u00a0\u00bb40%\u00a0\u00bb height_phone=\u00a0\u00bbauto\u00a0\u00bb height_last_edited=\u00a0\u00bbon|phone\u00a0\u00bb custom_margin=\u00a0\u00bb85px||||false|false\u00a0\u00bb custom_margin_tablet=\u00a0\u00bb5vw|||5vw|false|false\u00a0\u00bb custom_margin_phone=\u00a0\u00bb||||false|false\u00a0\u00bb custom_margin_last_edited=\u00a0\u00bbon|desktop\u00a0\u00bb global_colors_info=\u00a0\u00bb{}\u00a0\u00bb][\/et_pb_divider][et_pb_heading title=\u00a0\u00bbL&#039;appartement dispose de :\u00a0\u00bb _builder_version=\u00a0\u00bb4.26.0&Prime; _module_preset=\u00a0\u00bb34f9c54c-d204-4afb-b143-79971d1bbf5d\u00a0\u00bb title_level=\u00a0\u00bbh2&Prime; title_text_color=\u00a0\u00bb#FFFFFF\u00a0\u00bb title_font_size=\u00a0\u00bb32px\u00a0\u00bb custom_margin=\u00a0\u00bb||10px||false|false\u00a0\u00bb locked=\u00a0\u00bboff\u00a0\u00bb global_colors_info=\u00a0\u00bb{}\u00a0\u00bb][\/et_pb_heading][et_pb_text ul_type=\u00a0\u00bbnone\u00a0\u00bb _builder_version=\u00a0\u00bb4.26.0&Prime; _module_preset=\u00a0\u00bbd182aa40-d45e-4511-a10a-20d421f09935&Prime; ul_font_size=\u00a0\u00bb18px\u00a0\u00bb global_colors_info=\u00a0\u00bb{}\u00a0\u00bb]<\/p>\n<ul>\n<li>\n<p>\ud83d\udc87\u200d\u2640\ufe0f S\u00e8che-cheveux \ud83e\uddfa Serviettes et draps doubles et simples \ud83c\udfd6\ufe0f Serviettes de plage pour la piscine \ud83c\udf75 Bouilloire \ud83c\udf73 Cuisini\u00e8re \u00e0 gaz et four \ud83d\udc55 Portemanteau \ud83d\udcfa T\u00e9l\u00e9vision \ud83c\udfd6\ufe0f Parking sur rue toujours disponible \ud83c\udf33 Espaces communs verts \ud83d\udc87\u200d\u2640\ufe0f Piscine commune \ud83c\udfb3 Terrain de p\u00e9tanque \ud83d\udcd8 Guide de l&rsquo;h\u00f4telier<\/p>\n<p>TV \ud83c\udd7f\ufe0f Parking sur rue toujours disponible \ud83c\udf33 Espaces verts communs \ud83c\udfca\u200d\u2640\ufe0f Piscine commune \ud83c\udfb3 Terrain de p\u00e9tanque \ud83d\udcd8 Guide des services de la maison en anglais<\/p>\n<p>fran\u00e7ais, espagnol, n\u00e9erlandais et allemand \ud83d\udc76 Enfants bienvenus \ud83d\udc15 Chiens admis \ud83e\uddc2 Accessoires de cuisine (assiettes, verres, couverts, casseroles, po\u00eales) \ud83e\uddf4 Fer \u00e0 repasser<\/li>\n<\/ul>\n<p>[\/et_pb_text][\/et_pb_column][\/et_pb_row][\/et_pb_section][et_pb_section fb_built=\u00a0\u00bb1&Prime; admin_label=\u00a0\u00bbServices\u00a0\u00bb _builder_version=\u00a0\u00bb4.25.2&Prime; _module_preset=\u00a0\u00bbdefault\u00a0\u00bb background_size=\u00a0\u00bbcustom\u00a0\u00bb background_image_width=\u00a0\u00bb10%\u00a0\u00bb background_position=\u00a0\u00bbbottom_left\u00a0\u00bb collapsed=\u00a0\u00bbon\u00a0\u00bb global_colors_info=\u00a0\u00bb{}\u00a0\u00bb][et_pb_row _builder_version=\u00a0\u00bb4.23.2&Prime; _module_preset=\u00a0\u00bbdefault\u00a0\u00bb global_colors_info=\u00a0\u00bb{}\u00a0\u00bb][et_pb_column type=\u00a0\u00bb4_4&Prime; _builder_version=\u00a0\u00bb4.23.2&Prime; _module_preset=\u00a0\u00bbdefault\u00a0\u00bb global_colors_info=\u00a0\u00bb{}\u00a0\u00bb][et_pb_heading title=\u00a0\u00bbInformations importantes\u00a0\u00bb _builder_version=\u00a0\u00bb4.25.2&Prime; _module_preset=\u00a0\u00bb97f83af3-4535-4e51-b40f-dc9ea61d6286&Prime; title_text_align=\u00a0\u00bbcenter\u00a0\u00bb locked=\u00a0\u00bboff\u00a0\u00bb global_colors_info=\u00a0\u00bb{}\u00a0\u00bb][\/et_pb_heading][\/et_pb_column][\/et_pb_row][et_pb_row column_structure=\u00a0\u00bb1_5,1_5,1_5,1_5,1_5&Prime; use_custom_gutter=\u00a0\u00bbon\u00a0\u00bb gutter_width=\u00a0\u00bb2&Prime; make_equal=\u00a0\u00bbon\u00a0\u00bb _builder_version=\u00a0\u00bb4.26.0&Prime; _module_preset=\u00a0\u00bbdefault\u00a0\u00bb width=\u00a0\u00bb90%\u00a0\u00bb max_width=\u00a0\u00bb1111px\u00a0\u00bb global_colors_info=\u00a0\u00bb{}\u00a0\u00bb][et_pb_column type=\u00a0\u00bb1_5&Prime; _builder_version=\u00a0\u00bb4.23.2&Prime; _module_preset=\u00a0\u00bbdefault\u00a0\u00bb global_colors_info=\u00a0\u00bb{}\u00a0\u00bb][et_pb_icon font_icon=\u00a0\u00bb&#xf2c7;||fa||900&Prime; align=\u00a0\u00bbleft\u00a0\u00bb _builder_version=\u00a0\u00bb4.26.0&Prime; _module_preset=\u00a0\u00bbdefault\u00a0\u00bb global_colors_info=\u00a0\u00bb{}\u00a0\u00bb][\/et_pb_icon][et_pb_heading title=\u00a0\u00bbChauffage\u00a0\u00bb _builder_version=\u00a0\u00bb4.24.2&Prime; _module_preset=\u00a0\u00bbb8e8c1c8-6017-41df-9aad-4870df7abd3c\u00a0\u00bb custom_margin=\u00a0\u00bb||0px||false|false\u00a0\u00bb locked=\u00a0\u00bboff\u00a0\u00bb global_colors_info=\u00a0\u00bb{}\u00a0\u00bb][\/et_pb_heading][et_pb_text _builder_version=\u00a0\u00bb4.24.2&Prime; _module_preset=\u00a0\u00bbc0471caa-77e8-49b0-ad23-a58ea9e9551d\u00a0\u00bb global_colors_info=\u00a0\u00bb{}\u00a0\u00bb]<\/p>\n<p><span>La maison est disponible de <\/span><strong>juin \u00e0 octobre<\/strong><span>car il n&rsquo;y a pas de syst\u00e8me de chauffage central. Il n&rsquo;y a qu&rsquo;un chauffage \u00e9lectrique, id\u00e9al pour les fra\u00eeches soir\u00e9es d&rsquo;\u00e9t\u00e9, mais pendant les mois d&rsquo;hiver, la maison est ferm\u00e9e. <\/span><\/p>\n<p>[\/et_pb_text][\/et_pb_column][et_pb_column type=\u00a0\u00bb1_5&Prime; _builder_version=\u00a0\u00bb4.23.2&Prime; _module_preset=\u00a0\u00bbdefault\u00a0\u00bb global_colors_info=\u00a0\u00bb{}\u00a0\u00bb][et_pb_icon font_icon=\u00a0\u00bb&#xf46a;||fa||900&Prime; align=\u00a0\u00bbleft\u00a0\u00bb _builder_version=\u00a0\u00bb4.26.0&Prime; _module_preset=\u00a0\u00bbdefault\u00a0\u00bb global_colors_info=\u00a0\u00bb{}\u00a0\u00bb][\/et_pb_icon][et_pb_heading title=\u00a0\u00bbEau chaude\u00a0\u00bb _builder_version=\u00a0\u00bb4.26.0&Prime; _module_preset=\u00a0\u00bbb8e8c1c8-6017-41df-9aad-4870df7abd3c\u00a0\u00bb custom_margin=\u00a0\u00bb||0px||false|false\u00a0\u00bb locked=\u00a0\u00bboff\u00a0\u00bb global_colors_info=\u00a0\u00bb{}\u00a0\u00bb][\/et_pb_heading][et_pb_text _builder_version=\u00a0\u00bb4.24.2&Prime; _module_preset=\u00a0\u00bbc0471caa-77e8-49b0-ad23-a58ea9e9551d\u00a0\u00bb global_colors_info=\u00a0\u00bb{}\u00a0\u00bb]<\/p>\n<p>La petite chaudi\u00e8re \u00e9lectrique permet de prendre une douche \u00e0 la fois. Pour \u00e9viter de manquer d&rsquo;eau chaude, nous vous recommandons de <strong>vous doucher \u00e0 tour de r\u00f4le<\/strong>. <\/p>\n<p>[\/et_pb_text][\/et_pb_column][et_pb_column type=\u00a0\u00bb1_5&Prime; _builder_version=\u00a0\u00bb4.23.2&Prime; _module_preset=\u00a0\u00bbdefault\u00a0\u00bb global_colors_info=\u00a0\u00bb{}\u00a0\u00bb][et_pb_icon font_icon=\u00a0\u00bb&#xf6d3;||fa||900&Prime; align=\u00a0\u00bbleft\u00a0\u00bb _builder_version=\u00a0\u00bb4.26.0&Prime; _module_preset=\u00a0\u00bbdefault\u00a0\u00bb global_colors_info=\u00a0\u00bb{}\u00a0\u00bb][\/et_pb_icon][et_pb_heading title=\u00a0\u00bbChiens et chats\u00a0\u00bb _builder_version=\u00a0\u00bb4.26.0&Prime; _module_preset=\u00a0\u00bbb8e8c1c8-6017-41df-9aad-4870df7abd3c\u00a0\u00bb custom_margin=\u00a0\u00bb||0px||false|false\u00a0\u00bb locked=\u00a0\u00bboff\u00a0\u00bb global_colors_info=\u00a0\u00bb{}\u00a0\u00bb][\/et_pb_heading][et_pb_text _builder_version=\u00a0\u00bb4.24.2&Prime; _module_preset=\u00a0\u00bbc0471caa-77e8-49b0-ad23-a58ea9e9551d\u00a0\u00bb global_colors_info=\u00a0\u00bb{}\u00a0\u00bb]<\/p>\n<p><strong>Les chiens et les chats sont les bienvenus<\/strong> dans notre maison. Veillez simplement \u00e0 respecter les parties communes et \u00e0 profiter de vos vacances avec votre compagnon \u00e0 quatre pattes. <\/p>\n<p>[\/et_pb_text][\/et_pb_column][et_pb_column type=\u00a0\u00bb1_5&Prime; _builder_version=\u00a0\u00bb4.26.0&Prime; _module_preset=\u00a0\u00bbdefault\u00a0\u00bb global_colors_info=\u00a0\u00bb{}\u00a0\u00bb][et_pb_icon font_icon=\u00a0\u00bb&#xf540;||fa||900&Prime; align=\u00a0\u00bbleft\u00a0\u00bb _builder_version=\u00a0\u00bb4.26.0&Prime; _module_preset=\u00a0\u00bbdefault\u00a0\u00bb global_colors_info=\u00a0\u00bb{}\u00a0\u00bb][\/et_pb_icon][et_pb_heading title=\u00a0\u00bbParking\u00a0\u00bb _builder_version=\u00a0\u00bb4.26.0&Prime; _module_preset=\u00a0\u00bbb8e8c1c8-6017-41df-9aad-4870df7abd3c\u00a0\u00bb custom_margin=\u00a0\u00bb||0px||false|false\u00a0\u00bb locked=\u00a0\u00bboff\u00a0\u00bb global_colors_info=\u00a0\u00bb{}\u00a0\u00bb][\/et_pb_heading][et_pb_text _builder_version=\u00a0\u00bb4.24.2&Prime; _module_preset=\u00a0\u00bbc0471caa-77e8-49b0-ad23-a58ea9e9551d\u00a0\u00bb global_colors_info=\u00a0\u00bb{}\u00a0\u00bb]<\/p>\n<p><span>Il y a un <\/span><strong>parking dans la rue<\/strong><span>  disponible juste \u00e0 c\u00f4t\u00e9 de la maison. Il n&rsquo;est jamais difficile de trouver une place. <\/span><\/p>\n<p>[\/et_pb_text][\/et_pb_column][et_pb_column type=\u00a0\u00bb1_5&Prime; _builder_version=\u00a0\u00bb4.23.2&Prime; _module_preset=\u00a0\u00bbdefault\u00a0\u00bb global_colors_info=\u00a0\u00bb{}\u00a0\u00bb][et_pb_icon font_icon=\u00a0\u00bb&#xf696;||fa||900&Prime; align=\u00a0\u00bbleft\u00a0\u00bb _builder_version=\u00a0\u00bb4.26.0&Prime; _module_preset=\u00a0\u00bbdefault\u00a0\u00bb global_colors_info=\u00a0\u00bb{}\u00a0\u00bb][\/et_pb_icon][et_pb_heading title=\u00a0\u00bbFaire la lessive\u00a0\u00bb _builder_version=\u00a0\u00bb4.26.0&Prime; _module_preset=\u00a0\u00bbb8e8c1c8-6017-41df-9aad-4870df7abd3c\u00a0\u00bb custom_margin=\u00a0\u00bb||0px||false|false\u00a0\u00bb locked=\u00a0\u00bboff\u00a0\u00bb global_colors_info=\u00a0\u00bb{}\u00a0\u00bb][\/et_pb_heading][et_pb_text _builder_version=\u00a0\u00bb4.24.2&Prime; _module_preset=\u00a0\u00bbc0471caa-77e8-49b0-ad23-a58ea9e9551d\u00a0\u00bb global_colors_info=\u00a0\u00bb{}\u00a0\u00bb]<\/p>\n<p>Actuellement, la maison <strong>n&rsquo;est pas \u00e9quip\u00e9e d&rsquo;une<\/strong> machine \u00e0 <strong>laver<\/strong>, mais vous pouvez utiliser la laverie de <strong>Borghetto Santo Spirito<\/strong>, qui propose des machines \u00e0 laver et des s\u00e8che-linge fonctionnels et pratiques.  <\/p>\n<p>[\/et_pb_text][\/et_pb_column][\/et_pb_row][\/et_pb_section][et_pb_section fb_built=\u00a0\u00bb1&Prime; _builder_version=\u00a0\u00bb4.26.0&Prime; _module_preset=\u00a0\u00bbdefault\u00a0\u00bb global_colors_info=\u00a0\u00bb{}\u00a0\u00bb][et_pb_row _builder_version=\u00a0\u00bb4.26.0&Prime; _module_preset=\u00a0\u00bbdefault\u00a0\u00bb global_colors_info=\u00a0\u00bb{}\u00a0\u00bb][et_pb_column type=\u00a0\u00bb4_4&Prime; _builder_version=\u00a0\u00bb4.26.0&Prime; _module_preset=\u00a0\u00bbdefault\u00a0\u00bb global_colors_info=\u00a0\u00bb{}\u00a0\u00bb][et_pb_gallery gallery_ids=\u00a0\u00bb412,337,367,362,352,347,342,382,387,327&Prime; gallery_orderby=\u00a0\u00bbrand\u00a0\u00bb posts_number=\u00a0\u00bb200&Prime; orientation=\u00a0\u00bbportrait\u00a0\u00bb show_title_and_caption=\u00a0\u00bboff\u00a0\u00bb show_pagination=\u00a0\u00bboff\u00a0\u00bb _builder_version=\u00a0\u00bb4.26.0&Prime; _module_preset=\u00a0\u00bbdefault\u00a0\u00bb global_colors_info=\u00a0\u00bb{}\u00a0\u00bb][\/et_pb_gallery][\/et_pb_column][\/et_pb_row][\/et_pb_section][et_pb_section fb_built=\u00a0\u00bb1&Prime; custom_padding_last_edited=\u00a0\u00bbon|phone\u00a0\u00bb _builder_version=\u00a0\u00bb4.26.0&Prime; _module_preset=\u00a0\u00bbdefault\u00a0\u00bb background_color=\u00a0\u00bbgcid-primary-color\u00a0\u00bb custom_padding_tablet=\u00a0\u00bb\u00a0\u00bb custom_padding_phone=\u00a0\u00bb|16px||16px|false|true\u00a0\u00bb global_colors_info=\u00a0\u00bb{%22gcid-primary-color%22:%91%22background_color%22%93}\u00a0\u00bb][et_pb_row column_structure=\u00a0\u00bb1_2,1_2&Prime; _builder_version=\u00a0\u00bb4.26.0&Prime; _module_preset=\u00a0\u00bbdefault\u00a0\u00bb global_colors_info=\u00a0\u00bb{}\u00a0\u00bb][et_pb_column type=\u00a0\u00bb1_2&Prime; _builder_version=\u00a0\u00bb4.26.0&Prime; _module_preset=\u00a0\u00bbdefault\u00a0\u00bb global_colors_info=\u00a0\u00bb{}\u00a0\u00bb][et_pb_code _builder_version=\u00a0\u00bb4.26.0&Prime; _module_preset=\u00a0\u00bbdefault\u00a0\u00bb global_colors_info=\u00a0\u00bb{}\u00a0\u00bb]<iframe src=\"https:\/\/www.google.com\/maps\/embed?pb=!4v1725545691832!6m8!1m7!1sGj8SnwIRFnviez7RxDTz4g!2m2!1d44.19383541188253!2d8.133223559757619!3f250.81311977039803!4f-1.2396878256553663!5f0.7820865974627469\" width=\"600\" height=\"450\" style=\"border:0;\" allowfullscreen=\"\" loading=\"lazy\" referrerpolicy=\"no-referrer-when-downgrade\"><\/iframe>[\/et_pb_code][\/et_pb_column][et_pb_column type=\u00a0\u00bb1_2&Prime; _builder_version=\u00a0\u00bb4.26.0&Prime; _module_preset=\u00a0\u00bbdefault\u00a0\u00bb global_colors_info=\u00a0\u00bb{}\u00a0\u00bb][et_pb_code _builder_version=\u00a0\u00bb4.26.0&Prime; _module_preset=\u00a0\u00bbdefault\u00a0\u00bb global_colors_info=\u00a0\u00bb{}\u00a0\u00bb]<iframe src=\"https:\/\/www.google.com\/maps\/embed?pb=!1m18!1m12!1m3!1d637.8726338777589!2d8.132467176815421!3d44.193693101920616!2m3!1f0!2f0!3f0!3m2!1i1024!2i768!4f13.1!3m3!1m2!1s0x12d28db9e028f485%3A0xf5d10f59d6da4ee5!2sLa%20Casa%20di%20Olga%20-%20appartamento%20vacanze%20in%20Val%20Bormida!5e1!3m2!1sit!2sit!4v1725545752182!5m2!1sit!2sit\" width=\"600\" height=\"450\" style=\"border:0;\" allowfullscreen=\"\" loading=\"lazy\" referrerpolicy=\"no-referrer-when-downgrade\"><\/iframe>[\/et_pb_code][\/et_pb_column][\/et_pb_row][\/et_pb_section]<\/p>\n","protected":false},"excerpt":{"rendered":"<p>Dans les ann\u00e9es 1970, mon grand-p\u00e8re Rolando, passionn\u00e9 de champignons, de v\u00e9lo, de chasse et de longues promenades dans la nature, a d\u00e9cid\u00e9 d&rsquo;acheter cette petite maison \u00e0 Bardineto avec ma grand-m\u00e8re Olga pour y passer leurs vacances. C&rsquo;est notre maison familiale depuis des g\u00e9n\u00e9rations et aujourd&rsquo;hui, lorsque nous ne pouvons pas l&rsquo;utiliser, nous avons [&hellip;]<\/p>\n","protected":false},"author":1,"featured_media":0,"parent":0,"menu_order":0,"comment_status":"closed","ping_status":"closed","template":"","meta":{"_et_pb_use_builder":"on","_et_pb_old_content":"","_et_gb_content_width":"","footnotes":""},"class_list":["post-547","page","type-page","status-publish","hentry"],"_links":{"self":[{"href":"https:\/\/www.casaolga.it\/fr\/wp-json\/wp\/v2\/pages\/547","targetHints":{"allow":["GET"]}}],"collection":[{"href":"https:\/\/www.casaolga.it\/fr\/wp-json\/wp\/v2\/pages"}],"about":[{"href":"https:\/\/www.casaolga.it\/fr\/wp-json\/wp\/v2\/types\/page"}],"author":[{"embeddable":true,"href":"https:\/\/www.casaolga.it\/fr\/wp-json\/wp\/v2\/users\/1"}],"replies":[{"embeddable":true,"href":"https:\/\/www.casaolga.it\/fr\/wp-json\/wp\/v2\/comments?post=547"}],"version-history":[{"count":16,"href":"https:\/\/www.casaolga.it\/fr\/wp-json\/wp\/v2\/pages\/547\/revisions"}],"predecessor-version":[{"id":796,"href":"https:\/\/www.casaolga.it\/fr\/wp-json\/wp\/v2\/pages\/547\/revisions\/796"}],"wp:attachment":[{"href":"https:\/\/www.casaolga.it\/fr\/wp-json\/wp\/v2\/media?parent=547"}],"curies":[{"name":"wp","href":"https:\/\/api.w.org\/{rel}","templated":true}]}}